{"id":25655,"date":"2017-07-04T15:51:59","date_gmt":"2017-07-04T14:51:59","guid":{"rendered":"http:\/\/www.travesiatabarcasantapola.com\/programa-oficial\/"},"modified":"2017-07-04T15:51:59","modified_gmt":"2017-07-04T14:51:59","slug":"programa-oficial","status":"publish","type":"page","link":"https:\/\/www.travesiatabarcasantapola.com\/fr\/programa-oficial\/","title":{"rendered":"Programa Oficial"},"content":{"rendered":"<p>[et_pb_section bb_built=&#8221;1&#8243; admin_label=&#8221;section&#8221; transparent_background=&#8221;off&#8221; allow_player_pause=&#8221;off&#8221; inner_shadow=&#8221;off&#8221; parallax=&#8221;off&#8221; parallax_method=&#8221;on&#8221; make_fullwidth=&#8221;off&#8221; use_custom_width=&#8221;off&#8221; width_unit=&#8221;on&#8221; make_equal=&#8221;off&#8221; use_custom_gutter=&#8221;off&#8221;][et_pb_row admin_label=&#8221;row&#8221; make_fullwidth=&#8221;off&#8221; use_custom_width=&#8221;off&#8221; width_unit=&#8221;on&#8221; use_custom_gutter=&#8221;off&#8221; custom_padding=&#8221;0px||0px|&#8221; allow_player_pause=&#8221;off&#8221; parallax=&#8221;off&#8221; parallax_method=&#8221;on&#8221; make_equal=&#8221;off&#8221; parallax_1=&#8221;off&#8221; parallax_method_1=&#8221;off&#8221; background_position=&#8221;top_left&#8221; background_repeat=&#8221;repeat&#8221; background_size=&#8221;initial&#8221;][et_pb_column type=&#8221;4_4&#8243;][et_pb_text admin_label=&#8221;Titular&#8221; background_layout=&#8221;light&#8221; text_orientation=&#8221;left&#8221; use_border_color=&#8221;off&#8221; border_color=&#8221;#ffffff&#8221; border_style=&#8221;solid&#8221; module_class=&#8221;titular_pag&#8221; text_line_height=&#8221;1em&#8221; disabled=&#8221;on&#8221; disabled_on=&#8221;on|on|on&#8221; background_position=&#8221;top_left&#8221; background_repeat=&#8221;repeat&#8221; background_size=&#8221;initial&#8221;]<\/p>\n<p>Reglamento Oficial 2017<\/p>\n<p>[\/et_pb_text][et_pb_text admin_label=&#8221;Subtitulo&#8221; background_layout=&#8221;light&#8221; text_orientation=&#8221;left&#8221; text_font=&#8221;Source Sans Pro Light||||&#8221; text_font_size=&#8221;25&#8243; text_text_color=&#8221;#09688b&#8221; text_line_height=&#8221;1em&#8221; use_border_color=&#8221;off&#8221; border_color=&#8221;#ffffff&#8221; border_style=&#8221;solid&#8221; custom_margin=&#8221;||0px|&#8221; custom_padding=&#8221;||0px|&#8221; background_position=&#8221;top_left&#8221; background_repeat=&#8221;repeat&#8221; background_size=&#8221;initial&#8221;]<\/p>\n<p>22 TRAVES\u00cdA A NADO TABARCA SANTA POLA<\/p>\n<p>[\/et_pb_text][et_pb_text admin_label=&#8221;Titular&#8221; background_layout=&#8221;light&#8221; text_orientation=&#8221;left&#8221; text_font=&#8221;Source Sans Pro Light|on|||&#8221; text_font_size=&#8221;50&#8243; text_text_color=&#8221;#09688b&#8221; text_line_height=&#8221;1em&#8221; border_style=&#8221;solid&#8221; custom_margin=&#8221;0px||30px|&#8221; custom_padding=&#8221;0px|||&#8221; background_position=&#8221;top_left&#8221; background_repeat=&#8221;repeat&#8221; background_size=&#8221;initial&#8221; _builder_version=&#8221;3.0.59&#8243;]<\/p>\n<p>PROGRAMA OFICIAL<\/p>\n<p>[\/et_pb_text][et_pb_divider color=&#8221;#09688b&#8221; show_divider=&#8221;on&#8221; height=&#8221;50px&#8221; divider_style=&#8221;solid&#8221; divider_position=&#8221;top&#8221; hide_on_mobile=&#8221;on&#8221; custom_css_main_element=&#8221;width: 20%;&#8221; \/][\/et_pb_column][\/et_pb_row][et_pb_row admin_label=&#8221;row&#8221; make_fullwidth=&#8221;off&#8221; use_custom_width=&#8221;off&#8221; width_unit=&#8221;on&#8221; use_custom_gutter=&#8221;off&#8221; custom_padding=&#8221;0px||0px|&#8221; allow_player_pause=&#8221;off&#8221; parallax=&#8221;off&#8221; parallax_method=&#8221;on&#8221; make_equal=&#8221;off&#8221; parallax_1=&#8221;off&#8221; parallax_method_1=&#8221;off&#8221; background_position=&#8221;top_left&#8221; background_repeat=&#8221;repeat&#8221; background_size=&#8221;initial&#8221;][et_pb_column type=&#8221;4_4&#8243;][et_pb_text admin_label=&#8221;Texto Programa&#8221; background_layout=&#8221;light&#8221; text_orientation=&#8221;left&#8221; border_style=&#8221;solid&#8221; module_class=&#8221;reglamento&#8221; background_position=&#8221;top_left&#8221; background_repeat=&#8221;repeat&#8221; background_size=&#8221;initial&#8221; _builder_version=&#8221;3.0.59&#8243;]<\/p>\n<h5>S\u00c1BADO 8 JULIO<\/h5>\n<p><strong>19:00 h. Charla Interactiva<\/strong><br \/>\nCon la participaci\u00f3n de las nadadoras Selina Moreno y Tita Llorens. Presentada por Salvador Campello.<br \/>\nLugar: Casa de Cultura Santa Pola<br \/>\nEntrada Libre. Aforo Limitado<\/p>\n<h5>DOMINGO 9 JULIO<\/h5>\n<p><strong>05:40 &#8211; 06:30 h. Recogida de Dorsales <\/strong>(Puerto Santa Pola)<\/p>\n<p><strong>06:00 &#8211; 06:40 h. Transporte Nadadores a Tabarca <\/strong>(Puerto Santa Pola)<\/p>\n<p><strong>06:50 h. Salida Catamar\u00e1n Familiares y Acompa\u00f1antes para ver la Salida<\/strong> (Puerto Santa Pola)<\/p>\n<p><strong>07:30 h. Salida XXII Traves\u00eda a Nado Tabarca Santa Pola <\/strong>(Isla de Tabarca)<\/p>\n<p><strong>08:30 &#8211; 11:00 h. Llegada a Meta <\/strong>(Playa Varadero)<\/p>\n<p><strong>11:30 h. Entrega de Trofeos <\/strong>(Playa Varadero)<\/p>\n<p>[\/et_pb_text][et_pb_map admin_label=&#8221;Mapa Ubicaciones&#8221; _builder_version=&#8221;3.0.59&#8243; address=&#8221;Santa Pola, Alicante, Espa\u00f1a&#8221; address_lat=&#8221;38.18248959466611&#8243; address_lng=&#8221;-0.5251412666596122&#8243; mouse_wheel=&#8221;on&#8221; mobile_dragging=&#8221;on&#8221; use_grayscale_filter=&#8221;off&#8221; grayscale_filter_amount=&#8221;0&#8243; zoom_level=&#8221;13&#8243;] [et_pb_map_pin title=&#8221;Casa de Cultura&#8221; pin_address=&#8221;Carrer d&#8217;Elx, 24, 03130 Santa Pola, Alicante, Espa\u00f1a&#8221; pin_address_lat=&#8221;38.19383790094534&#8243; pin_address_lng=&#8221;-0.556887892559871&#8243;]<\/p>\n<h5>S\u00e1bado 8 Julio<\/h5>\n<p>19:00 h. Charla Informativa<\/p>\n<p>[\/et_pb_map_pin][et_pb_map_pin title=&#8221;Salida Catamaranes &#8211; Puerto Santa Pola&#8221; pin_address=&#8221;Av. de los Ba\u00f1os, Santa Pola, Alicante, Espa\u00f1a&#8221; pin_address_lat=&#8221;38.19054932981599&#8243; pin_address_lng=&#8221;-0.5588566339768022&#8243;]<\/p>\n<h5>Domingo 9 Julio<\/h5>\n<p>05:40 &#8211; 06:30 h. Recogida Dorsales<\/p>\n<p>06:00 &#8211; 06:40 h. Salida Catamaranes Nadadores<\/p>\n<p>06:50 h. Salida Catamar\u00e1n Familiares<\/p>\n<p>[\/et_pb_map_pin][et_pb_map_pin title=&#8221;Playa Varadero&#8221; pin_address=&#8221;Av. Santiago Bernab\u00e9u, 45, 03130 Santa Pola, Alicante, Espa\u00f1a&#8221; pin_address_lat=&#8221;38.18913688509454&#8243; pin_address_lng=&#8221;-0.5371951139725297&#8243;]<\/p>\n<h5>Domingo 9 Julio<\/h5>\n<p>08:30 &#8211; 11:00 h. Llegada Meta<\/p>\n<p>11:30 h. Entrega Trofeos<\/p>\n<p>[\/et_pb_map_pin][et_pb_map_pin title=&#8221;Isla de Tabarca&#8221; pin_address=&#8221;Partida de Tabarca, Isla, 9, 03138 Santa Pola, Alicante, Espa\u00f1a&#8221; pin_address_lat=&#8221;38.16588287368526&#8243; pin_address_lng=&#8221;-0.47888249580080355&#8243;]<\/p>\n<h5>Domingo 9 Julio<\/h5>\n<p>07:30 h. Salida XXII Traves\u00eda a Nado Tabarca Santa Pola<\/p>\n<p>[\/et_pb_map_pin] [\/et_pb_map][\/et_pb_column][\/et_pb_row][\/et_pb_section]<\/p>\n","protected":false},"excerpt":{"rendered":"<p>Reglamento Oficial 2017 22 TRAVES\u00cdA A NADO TABARCA SANTA POLA PROGRAMA OFICIAL S\u00c1BADO 8 JULIO 19:00 h. Charla Interactiva Con la participaci\u00f3n de las nadadoras Selina Moreno y Tita Llorens. Presentada por Salvador Campello. Lugar: Casa de Cultura Santa Pola Entrada Libre. Aforo Limitado DOMINGO 9 JULIO 05:40 &#8211; 06:30 h. Recogida de Dorsales (Puerto [&hellip;]<\/p>\n","protected":false},"author":1,"featured_media":0,"parent":0,"menu_order":0,"comment_status":"closed","ping_status":"closed","template":"","meta":{"_et_pb_use_builder":"on","_et_pb_old_content":"","_et_gb_content_width":"","footnotes":""},"class_list":["post-25655","page","type-page","status-publish","hentry"],"yoast_head":"<!-- This site is optimized with the Yoast SEO plugin v27.5 - https:\/\/yoast.com\/product\/yoast-seo-wordpress\/ -->\n<title>Programa Oficial - Traves\u00eda a Nado Tabarca Santa Pola (Alicante - Espa\u00f1a)<\/title>\n<meta name=\"robots\" content=\"index, follow, max-snippet:-1, max-image-preview:large, max-video-preview:-1\" \/>\n<link rel=\"canonical\" href=\"https:\/\/www.travesiatabarcasantapola.com\/fr\/programa-oficial\/\" \/>\n<meta property=\"og:locale\" content=\"fr_FR\" \/>\n<meta property=\"og:type\" content=\"article\" \/>\n<meta property=\"og:title\" content=\"Programa Oficial - Traves\u00eda a Nado Tabarca Santa Pola (Alicante - Espa\u00f1a)\" \/>\n<meta property=\"og:description\" content=\"Reglamento Oficial 2017 22 TRAVES\u00cdA A NADO TABARCA SANTA POLA PROGRAMA OFICIAL S\u00c1BADO 8 JULIO 19:00 h. Charla Interactiva Con la participaci\u00f3n de las nadadoras Selina Moreno y Tita Llorens. Presentada por Salvador Campello. Lugar: Casa de Cultura Santa Pola Entrada Libre. Aforo Limitado DOMINGO 9 JULIO 05:40 - 06:30 h. Recogida de Dorsales (Puerto [&hellip;]\" \/>\n<meta property=\"og:url\" content=\"https:\/\/www.travesiatabarcasantapola.com\/fr\/programa-oficial\/\" \/>\n<meta property=\"og:site_name\" content=\"Traves\u00eda a Nado Tabarca Santa Pola (Alicante - Espa\u00f1a)\" \/>\n<meta property=\"article:publisher\" content=\"https:\/\/www.facebook.com\/Travesiaanado\/?fref=ts\" \/>\n<meta name=\"twitter:card\" content=\"summary_large_image\" \/>\n<meta name=\"twitter:site\" content=\"@travesiaanado\" \/>\n<meta name=\"twitter:label1\" content=\"Est. reading time\" \/>\n\t<meta name=\"twitter:data1\" content=\"3 minutes\" \/>\n<script type=\"application\/ld+json\" class=\"yoast-schema-graph\">{\"@context\":\"https:\\\/\\\/schema.org\",\"@graph\":[{\"@type\":\"WebPage\",\"@id\":\"https:\\\/\\\/www.travesiatabarcasantapola.com\\\/fr\\\/programa-oficial\\\/\",\"url\":\"https:\\\/\\\/www.travesiatabarcasantapola.com\\\/fr\\\/programa-oficial\\\/\",\"name\":\"Programa Oficial - Traves\u00eda a Nado Tabarca Santa Pola (Alicante - Espa\u00f1a)\",\"isPartOf\":{\"@id\":\"https:\\\/\\\/www.travesiatabarcasantapola.com\\\/#website\"},\"datePublished\":\"2017-07-04T14:51:59+00:00\",\"breadcrumb\":{\"@id\":\"https:\\\/\\\/www.travesiatabarcasantapola.com\\\/fr\\\/programa-oficial\\\/#breadcrumb\"},\"inLanguage\":\"fr-FR\",\"potentialAction\":[{\"@type\":\"ReadAction\",\"target\":[\"https:\\\/\\\/www.travesiatabarcasantapola.com\\\/fr\\\/programa-oficial\\\/\"]}]},{\"@type\":\"BreadcrumbList\",\"@id\":\"https:\\\/\\\/www.travesiatabarcasantapola.com\\\/fr\\\/programa-oficial\\\/#breadcrumb\",\"itemListElement\":[{\"@type\":\"ListItem\",\"position\":1,\"name\":\"Portada\",\"item\":\"https:\\\/\\\/www.travesiatabarcasantapola.com\\\/fr\\\/\"},{\"@type\":\"ListItem\",\"position\":2,\"name\":\"Programa Oficial\"}]},{\"@type\":\"WebSite\",\"@id\":\"https:\\\/\\\/www.travesiatabarcasantapola.com\\\/#website\",\"url\":\"https:\\\/\\\/www.travesiatabarcasantapola.com\\\/\",\"name\":\"Traves\u00eda a Nado Tabarca Santa Pola (Alicante - Espa\u00f1a)\",\"description\":\"La mejor traves\u00eda a nado en aguas abiertas de Espa\u00f1a\",\"potentialAction\":[{\"@type\":\"SearchAction\",\"target\":{\"@type\":\"EntryPoint\",\"urlTemplate\":\"https:\\\/\\\/www.travesiatabarcasantapola.com\\\/?s={search_term_string}\"},\"query-input\":{\"@type\":\"PropertyValueSpecification\",\"valueRequired\":true,\"valueName\":\"search_term_string\"}}],\"inLanguage\":\"fr-FR\"}]}<\/script>\n<!-- \/ Yoast SEO plugin. -->","yoast_head_json":{"title":"Programa Oficial - Traves\u00eda a Nado Tabarca Santa Pola (Alicante - Espa\u00f1a)","robots":{"index":"index","follow":"follow","max-snippet":"max-snippet:-1","max-image-preview":"max-image-preview:large","max-video-preview":"max-video-preview:-1"},"canonical":"https:\/\/www.travesiatabarcasantapola.com\/fr\/programa-oficial\/","og_locale":"fr_FR","og_type":"article","og_title":"Programa Oficial - Traves\u00eda a Nado Tabarca Santa Pola (Alicante - Espa\u00f1a)","og_description":"Reglamento Oficial 2017 22 TRAVES\u00cdA A NADO TABARCA SANTA POLA PROGRAMA OFICIAL S\u00c1BADO 8 JULIO 19:00 h. Charla Interactiva Con la participaci\u00f3n de las nadadoras Selina Moreno y Tita Llorens. Presentada por Salvador Campello. Lugar: Casa de Cultura Santa Pola Entrada Libre. Aforo Limitado DOMINGO 9 JULIO 05:40 - 06:30 h. Recogida de Dorsales (Puerto [&hellip;]","og_url":"https:\/\/www.travesiatabarcasantapola.com\/fr\/programa-oficial\/","og_site_name":"Traves\u00eda a Nado Tabarca Santa Pola (Alicante - Espa\u00f1a)","article_publisher":"https:\/\/www.facebook.com\/Travesiaanado\/?fref=ts","twitter_card":"summary_large_image","twitter_site":"@travesiaanado","twitter_misc":{"Est. reading time":"3 minutes"},"schema":{"@context":"https:\/\/schema.org","@graph":[{"@type":"WebPage","@id":"https:\/\/www.travesiatabarcasantapola.com\/fr\/programa-oficial\/","url":"https:\/\/www.travesiatabarcasantapola.com\/fr\/programa-oficial\/","name":"Programa Oficial - Traves\u00eda a Nado Tabarca Santa Pola (Alicante - Espa\u00f1a)","isPartOf":{"@id":"https:\/\/www.travesiatabarcasantapola.com\/#website"},"datePublished":"2017-07-04T14:51:59+00:00","breadcrumb":{"@id":"https:\/\/www.travesiatabarcasantapola.com\/fr\/programa-oficial\/#breadcrumb"},"inLanguage":"fr-FR","potentialAction":[{"@type":"ReadAction","target":["https:\/\/www.travesiatabarcasantapola.com\/fr\/programa-oficial\/"]}]},{"@type":"BreadcrumbList","@id":"https:\/\/www.travesiatabarcasantapola.com\/fr\/programa-oficial\/#breadcrumb","itemListElement":[{"@type":"ListItem","position":1,"name":"Portada","item":"https:\/\/www.travesiatabarcasantapola.com\/fr\/"},{"@type":"ListItem","position":2,"name":"Programa Oficial"}]},{"@type":"WebSite","@id":"https:\/\/www.travesiatabarcasantapola.com\/#website","url":"https:\/\/www.travesiatabarcasantapola.com\/","name":"Traves\u00eda a Nado Tabarca Santa Pola (Alicante - Espa\u00f1a)","description":"La mejor traves\u00eda a nado en aguas abiertas de Espa\u00f1a","potentialAction":[{"@type":"SearchAction","target":{"@type":"EntryPoint","urlTemplate":"https:\/\/www.travesiatabarcasantapola.com\/?s={search_term_string}"},"query-input":{"@type":"PropertyValueSpecification","valueRequired":true,"valueName":"search_term_string"}}],"inLanguage":"fr-FR"}]}},"_links":{"self":[{"href":"https:\/\/www.travesiatabarcasantapola.com\/fr\/wp-json\/wp\/v2\/pages\/25655","targetHints":{"allow":["GET"]}}],"collection":[{"href":"https:\/\/www.travesiatabarcasantapola.com\/fr\/wp-json\/wp\/v2\/pages"}],"about":[{"href":"https:\/\/www.travesiatabarcasantapola.com\/fr\/wp-json\/wp\/v2\/types\/page"}],"author":[{"embeddable":true,"href":"https:\/\/www.travesiatabarcasantapola.com\/fr\/wp-json\/wp\/v2\/users\/1"}],"replies":[{"embeddable":true,"href":"https:\/\/www.travesiatabarcasantapola.com\/fr\/wp-json\/wp\/v2\/comments?post=25655"}],"version-history":[{"count":0,"href":"https:\/\/www.travesiatabarcasantapola.com\/fr\/wp-json\/wp\/v2\/pages\/25655\/revisions"}],"wp:attachment":[{"href":"https:\/\/www.travesiatabarcasantapola.com\/fr\/wp-json\/wp\/v2\/media?parent=25655"}],"curies":[{"name":"wp","href":"https:\/\/api.w.org\/{rel}","templated":true}]}}